{"id":279,"date":"2025-01-17T10:55:46","date_gmt":"2025-01-17T10:55:46","guid":{"rendered":"https:\/\/varosbanzoldben.hu\/?page_id=279"},"modified":"2025-01-17T12:07:29","modified_gmt":"2025-01-17T12:07:29","slug":"tavaszkert","status":"publish","type":"page","link":"http:\/\/varosbanzoldben.hu\/index.php\/tavaszkert\/","title":{"rendered":"tavaszkert"},"content":{"rendered":"<p>[et_pb_section fb_built=&#8221;1&#8243; _builder_version=&#8221;4.27.4&#8243; _module_preset=&#8221;default&#8221; custom_padding=&#8221;||0px|||&#8221; global_colors_info=&#8221;{}&#8221;][et_pb_row _builder_version=&#8221;4.27.4&#8243; _module_preset=&#8221;default&#8221; global_colors_info=&#8221;{}&#8221;][et_pb_column type=&#8221;4_4&#8243; _builder_version=&#8221;4.27.4&#8243; _module_preset=&#8221;default&#8221; global_colors_info=&#8221;{}&#8221;][et_pb_text module_id=&#8221;esemenyek&#8221; module_class=&#8221;esemenyek&#8221; _builder_version=&#8221;4.27.4&#8243; _module_preset=&#8221;default&#8221; text_font=&#8221;Raleway||||||||&#8221; text_text_color=&#8221;#1ca529&#8243; text_font_size=&#8221;45px&#8221; text_line_height=&#8221;1.2em&#8221; text_font_size_tablet=&#8221;61px&#8221; text_font_size_phone=&#8221;35px&#8221; text_font_size_last_edited=&#8221;on|phone&#8221; global_colors_info=&#8221;{}&#8221;]<\/p>\n<p style=\"text-align: left;\">TAVASZKERT<\/p>\n<p>[\/et_pb_text][\/et_pb_column][\/et_pb_row][et_pb_row _builder_version=&#8221;4.27.4&#8243; _module_preset=&#8221;default&#8221; global_colors_info=&#8221;{}&#8221;][et_pb_column type=&#8221;4_4&#8243; _builder_version=&#8221;4.27.4&#8243; _module_preset=&#8221;default&#8221; global_colors_info=&#8221;{}&#8221;][et_pb_text _builder_version=&#8221;4.27.4&#8243; _module_preset=&#8221;default&#8221; text_font_size=&#8221;17px&#8221; text_line_height=&#8221;1.8em&#8221; custom_padding=&#8221;||32px|||&#8221; global_colors_info=&#8221;{}&#8221;]<\/p>\n<p><strong>tavaszkert D\u00edszn\u00f6v\u00e9ny Szakki\u00e1ll\u00edt\u00e1s \u00e9s V\u00e1s\u00e1r<\/strong><\/p>\n<p>Minden, ami tavasz!\u00a0 <br \/>Pal\u00e1nt\u00e1k, vir\u00e1gok, n\u00f6v\u00e9nyek, kert\u00e9szeti kell\u00e9kek \u00e9s szolg\u00e1ltat\u00e1sok, gasztron\u00f3miai finoms\u00e1gok, term\u00e9szetk\u00f6zeli design alkot\u00e1sok, Bonsai \u00e9s Suiseki Ki\u00e1ll\u00edt\u00e1s, Arbor\u00e9tumi s\u00e9ta, Biokert l\u00e1togat\u00e1s, kert\u00e9szeti el\u0151ad\u00e1sok, tan\u00e1csad\u00e1sok, n\u00f6v\u00e9nyes \u00e9s z\u00f6ld programok<\/p>\n<p><strong style=\"font-size: 17px;\">2025. \u00e1prilis 25-27.<\/strong><\/p>\n<p><strong style=\"font-size: 17px;\">1118 Budapest, Vill\u00e1nyi \u00fat 29-43.<\/strong><\/p>\n<p>a r\u00e9szletek\u00e9rt n\u00e9zz ide! <a href=\"http:\/\/www.tavaszkert.hu\">www.tavaszkert.hu<\/a><\/p>\n<p><a href=\"https:\/\/www.facebook.com\/events\/1097125405410085\">facebook esem\u00e9ny<\/a><\/p>\n<p>[\/et_pb_text][\/et_pb_column][\/et_pb_row][\/et_pb_section][et_pb_section fb_built=&#8221;1&#8243; _builder_version=&#8221;4.27.4&#8243; _module_preset=&#8221;default&#8221; background_image=&#8221;http:\/\/varosbanzoldben.hu\/wp-content\/uploads\/2025\/01\/tk_1-_2025.jpg&#8221; custom_padding=&#8221;0px||304px|||&#8221; global_colors_info=&#8221;{}&#8221;][et_pb_row _builder_version=&#8221;4.27.4&#8243; _module_preset=&#8221;default&#8221; global_colors_info=&#8221;{}&#8221;][et_pb_column type=&#8221;4_4&#8243; _builder_version=&#8221;4.27.4&#8243; _module_preset=&#8221;default&#8221; global_colors_info=&#8221;{}&#8221;][\/et_pb_column][\/et_pb_row][\/et_pb_section]<\/p>\n","protected":false},"excerpt":{"rendered":"<p>TAVASZKERTtavaszkert D\u00edszn\u00f6v\u00e9ny Szakki\u00e1ll\u00edt\u00e1s \u00e9s V\u00e1s\u00e1r Minden, ami tavasz!\u00a0 Pal\u00e1nt\u00e1k, vir\u00e1gok, n\u00f6v\u00e9nyek, kert\u00e9szeti kell\u00e9kek \u00e9s szolg\u00e1ltat\u00e1sok, gasztron\u00f3miai finoms\u00e1gok, term\u00e9szetk\u00f6zeli design alkot\u00e1sok, Bonsai \u00e9s Suiseki Ki\u00e1ll\u00edt\u00e1s, Arbor\u00e9tumi s\u00e9ta, Biokert l\u00e1togat\u00e1s, kert\u00e9szeti el\u0151ad\u00e1sok, tan\u00e1csad\u00e1sok, n\u00f6v\u00e9nyes \u00e9s z\u00f6ld programok 2025. \u00e1prilis 25-27. 1118 Budapest, Vill\u00e1nyi \u00fat 29-43. a r\u00e9szletek\u00e9rt n\u00e9zz ide! www.tavaszkert.hu facebook esem\u00e9ny<\/p>\n","protected":false},"author":1,"featured_media":0,"parent":0,"menu_order":0,"comment_status":"closed","ping_status":"closed","template":"","meta":{"_et_pb_use_builder":"on","_et_pb_old_content":"<!-- wp:divi\/placeholder \/-->","_et_gb_content_width":"","footnotes":""},"class_list":["post-279","page","type-page","status-publish","hentry"],"_links":{"self":[{"href":"http:\/\/varosbanzoldben.hu\/index.php\/wp-json\/wp\/v2\/pages\/279","targetHints":{"allow":["GET"]}}],"collection":[{"href":"http:\/\/varosbanzoldben.hu\/index.php\/wp-json\/wp\/v2\/pages"}],"about":[{"href":"http:\/\/varosbanzoldben.hu\/index.php\/wp-json\/wp\/v2\/types\/page"}],"author":[{"embeddable":true,"href":"http:\/\/varosbanzoldben.hu\/index.php\/wp-json\/wp\/v2\/users\/1"}],"replies":[{"embeddable":true,"href":"http:\/\/varosbanzoldben.hu\/index.php\/wp-json\/wp\/v2\/comments?post=279"}],"version-history":[{"count":5,"href":"http:\/\/varosbanzoldben.hu\/index.php\/wp-json\/wp\/v2\/pages\/279\/revisions"}],"predecessor-version":[{"id":328,"href":"http:\/\/varosbanzoldben.hu\/index.php\/wp-json\/wp\/v2\/pages\/279\/revisions\/328"}],"wp:attachment":[{"href":"http:\/\/varosbanzoldben.hu\/index.php\/wp-json\/wp\/v2\/media?parent=279"}],"curies":[{"name":"wp","href":"https:\/\/api.w.org\/{rel}","templated":true}]}}